{"id":13620,"date":"2023-03-01T09:44:55","date_gmt":"2023-03-01T08:44:55","guid":{"rendered":"https:\/\/www.luisadelantadovlc.com\/?p=13620"},"modified":"2025-11-12T18:02:49","modified_gmt":"2025-11-12T17:02:49","slug":"arco-23-en","status":"publish","type":"la-ferias","link":"https:\/\/luisadelantadovlc.com\/en\/fairs\/arco-23-en\/","title":{"rendered":"ARCO 2023"},"content":{"rendered":"<p>[av_codeblock wrapper_element=&#8221; wrapper_element_attributes=&#8221;]<\/p>\n<div style=\"margin-top: 30px;\"><\/div>\n<p>[\/av_codeblock]<\/p>\n<p>[av_textblock size=&#8221; font_color=&#8221; color=&#8221;]<br \/>\n<img loading=\"lazy\" decoding=\"async\" class=\"alignnone wp-image-2798 size-full\" src=\"https:\/\/2024.luisadelantadovlc.com\/wp-content\/uploads\/2018\/02\/arco-2018.jpg\" alt=\"arco-2018\" width=\"600\" height=\"400\" srcset=\"https:\/\/luisadelantadovlc.com\/wp-content\/uploads\/2018\/02\/arco-2018.jpg 600w, https:\/\/luisadelantadovlc.com\/wp-content\/uploads\/2018\/02\/arco-2018-580x387.jpg 580w\" sizes=\"auto, (max-width: 600px) 100vw, 600px\" \/><br \/>\n[\/av_textblock]<\/p>\n<p>[av_textblock size=&#8221; font_color=&#8221; color=&#8221;]<\/p>\n<div class=\"entry-content\">\n<p>ARCO 2023<\/p>\n<p>February 22 \u2013 26<br \/>\n12 am a 8 pm<br \/>\nBooth 9C22<\/p>\n<p>Irma \u00c1lvarez-Laviada, Carmen Calvo, Jos\u00e9 Luis Cremades, Javi Cruz, Julie C. Fortier, Fuentesal Arenillas, Rub\u00e9n Guerrero, \u00c1lex Marco, Javier Palacios, Jos\u00e9 Miguel Pere\u00f1iguez, Dar\u00edo Villalba.<\/p>\n<p>Solo Project. <em>Fancams<\/em><br \/>\nAna Esteve Reig<\/p>\n<\/div>\n<p>[\/av_textblock]<\/p>\n<p>[av_codeblock wrapper_element=&#8221; wrapper_element_attributes=&#8221;]<\/p>\n<div style=\"margin-top: 30px;\"><\/div>\n<p>[\/av_codeblock]<\/p>\n<p>[av_textblock size=&#8221; font_color=&#8221; color=&#8221;]<br \/>\n<img loading=\"lazy\" decoding=\"async\" class=\"alignnone wp-image-13644 size-full\" src=\"https:\/\/2024.luisadelantadovlc.com\/wp-content\/uploads\/2023\/03\/LOGOS_02.jpg\" alt=\"\" width=\"600\" height=\"52\" srcset=\"https:\/\/luisadelantadovlc.com\/wp-content\/uploads\/2023\/03\/LOGOS_02.jpg 600w, https:\/\/luisadelantadovlc.com\/wp-content\/uploads\/2023\/03\/LOGOS_02-580x50.jpg 580w\" sizes=\"auto, (max-width: 600px) 100vw, 600px\" \/><br \/>\n[\/av_textblock]<\/p>\n<p>[av_codeblock wrapper_element=&#8221; wrapper_element_attributes=&#8221;]<\/p>\n<div style=\"margin-top: 30px;\"><\/div>\n<p>[\/av_codeblock]<\/p>\n<p>[av_textblock size=&#8221; font_color=&#8221; color=&#8221;]<\/p>\n<figure id=\"attachment_612\" aria-describedby=\"caption-attachment-612\" style=\"width: 1400px\" class=\"wp-caption alignnone\"><img loading=\"lazy\" decoding=\"async\" class=\"alignnone wp-image-13619 size-full\" src=\"https:\/\/2024.luisadelantadovlc.com\/wp-content\/uploads\/2023\/03\/15_ARCO_23.jpg\" alt=\"\" width=\"1400\" height=\"940\" srcset=\"https:\/\/luisadelantadovlc.com\/wp-content\/uploads\/2023\/03\/15_ARCO_23.jpg 1400w, https:\/\/luisadelantadovlc.com\/wp-content\/uploads\/2023\/03\/15_ARCO_23-580x389.jpg 580w, https:\/\/luisadelantadovlc.com\/wp-content\/uploads\/2023\/03\/15_ARCO_23-1024x688.jpg 1024w, https:\/\/luisadelantadovlc.com\/wp-content\/uploads\/2023\/03\/15_ARCO_23-768x516.jpg 768w, https:\/\/luisadelantadovlc.com\/wp-content\/uploads\/2023\/03\/15_ARCO_23-1200x806.jpg 1200w, https:\/\/luisadelantadovlc.com\/wp-content\/uploads\/2023\/03\/15_ARCO_23-600x403.jpg 600w\" sizes=\"auto, (max-width: 1400px) 100vw, 1400px\" \/><figcaption id=\"caption-attachment-612\" class=\"wp-caption-text\">ARCO 2023. SOLO PROJECT Ana Esteve Reig. <em>Fancams<\/em>, 2023. Luis Adelantado Valencia. Madrid, Spain. Photo: Oak Taylor Smith<\/figcaption><\/figure>\n<figure id=\"attachment_613\" aria-describedby=\"caption-attachment-613\" style=\"width: 1400px\" class=\"wp-caption alignnone\"><img loading=\"lazy\" decoding=\"async\" class=\"alignnone wp-image-13611 size-full\" src=\"https:\/\/2024.luisadelantadovlc.com\/wp-content\/uploads\/2023\/03\/06_ARCO_23.jpg\" alt=\"\" width=\"1400\" height=\"940\" srcset=\"https:\/\/luisadelantadovlc.com\/wp-content\/uploads\/2023\/03\/06_ARCO_23.jpg 1400w, https:\/\/luisadelantadovlc.com\/wp-content\/uploads\/2023\/03\/06_ARCO_23-580x389.jpg 580w, https:\/\/luisadelantadovlc.com\/wp-content\/uploads\/2023\/03\/06_ARCO_23-1024x688.jpg 1024w, https:\/\/luisadelantadovlc.com\/wp-content\/uploads\/2023\/03\/06_ARCO_23-768x516.jpg 768w, https:\/\/luisadelantadovlc.com\/wp-content\/uploads\/2023\/03\/06_ARCO_23-1200x806.jpg 1200w, https:\/\/luisadelantadovlc.com\/wp-content\/uploads\/2023\/03\/06_ARCO_23-600x403.jpg 600w\" sizes=\"auto, (max-width: 1400px) 100vw, 1400px\" \/><figcaption id=\"caption-attachment-613\" class=\"wp-caption-text\">ARCO 2023. Luis Adelantado Valencia. Madrid, Spain. Photo: Oak Taylor Smith<\/figcaption><\/figure>\n<figure id=\"attachment_613\" aria-describedby=\"caption-attachment-613\" style=\"width: 1400px\" class=\"wp-caption alignnone\"><img loading=\"lazy\" decoding=\"async\" class=\"alignnone wp-image-13610 size-full\" src=\"https:\/\/2024.luisadelantadovlc.com\/wp-content\/uploads\/2023\/03\/04_ARCO_23.jpg\" alt=\"\" width=\"1400\" height=\"940\" srcset=\"https:\/\/luisadelantadovlc.com\/wp-content\/uploads\/2023\/03\/04_ARCO_23.jpg 1400w, https:\/\/luisadelantadovlc.com\/wp-content\/uploads\/2023\/03\/04_ARCO_23-580x389.jpg 580w, https:\/\/luisadelantadovlc.com\/wp-content\/uploads\/2023\/03\/04_ARCO_23-1024x688.jpg 1024w, https:\/\/luisadelantadovlc.com\/wp-content\/uploads\/2023\/03\/04_ARCO_23-768x516.jpg 768w, https:\/\/luisadelantadovlc.com\/wp-content\/uploads\/2023\/03\/04_ARCO_23-1200x806.jpg 1200w, https:\/\/luisadelantadovlc.com\/wp-content\/uploads\/2023\/03\/04_ARCO_23-600x403.jpg 600w\" sizes=\"auto, (max-width: 1400px) 100vw, 1400px\" \/><figcaption id=\"caption-attachment-613\" class=\"wp-caption-text\">ARCO 2023. Luis Adelantado Valencia. Madrid, Spain. Photo: Oak Taylor Smith<\/figcaption><\/figure>\n<figure id=\"attachment_613\" aria-describedby=\"caption-attachment-613\" style=\"width: 1400px\" class=\"wp-caption alignnone\"><img loading=\"lazy\" decoding=\"async\" class=\"alignnone wp-image-13612 size-full\" src=\"https:\/\/2024.luisadelantadovlc.com\/wp-content\/uploads\/2023\/03\/07_ARCO_23.jpg\" alt=\"\" width=\"1400\" height=\"940\" srcset=\"https:\/\/luisadelantadovlc.com\/wp-content\/uploads\/2023\/03\/07_ARCO_23.jpg 1400w, https:\/\/luisadelantadovlc.com\/wp-content\/uploads\/2023\/03\/07_ARCO_23-580x389.jpg 580w, https:\/\/luisadelantadovlc.com\/wp-content\/uploads\/2023\/03\/07_ARCO_23-1024x688.jpg 1024w, https:\/\/luisadelantadovlc.com\/wp-content\/uploads\/2023\/03\/07_ARCO_23-768x516.jpg 768w, https:\/\/luisadelantadovlc.com\/wp-content\/uploads\/2023\/03\/07_ARCO_23-1200x806.jpg 1200w, https:\/\/luisadelantadovlc.com\/wp-content\/uploads\/2023\/03\/07_ARCO_23-600x403.jpg 600w\" sizes=\"auto, (max-width: 1400px) 100vw, 1400px\" \/><figcaption id=\"caption-attachment-613\" class=\"wp-caption-text\">ARCO 2023. Luis Adelantado Valencia. Madrid, Spain. Photo: Oak Taylor Smith<\/figcaption><\/figure>\n<figure id=\"attachment_613\" aria-describedby=\"caption-attachment-613\" style=\"width: 1400px\" class=\"wp-caption alignnone\"><img loading=\"lazy\" decoding=\"async\" class=\"alignnone wp-image-13613 size-full\" src=\"https:\/\/2024.luisadelantadovlc.com\/wp-content\/uploads\/2023\/03\/08_ARCO_23.jpg\" alt=\"\" width=\"1400\" height=\"940\" srcset=\"https:\/\/luisadelantadovlc.com\/wp-content\/uploads\/2023\/03\/08_ARCO_23.jpg 1400w, https:\/\/luisadelantadovlc.com\/wp-content\/uploads\/2023\/03\/08_ARCO_23-580x389.jpg 580w, https:\/\/luisadelantadovlc.com\/wp-content\/uploads\/2023\/03\/08_ARCO_23-1024x688.jpg 1024w, https:\/\/luisadelantadovlc.com\/wp-content\/uploads\/2023\/03\/08_ARCO_23-768x516.jpg 768w, https:\/\/luisadelantadovlc.com\/wp-content\/uploads\/2023\/03\/08_ARCO_23-1200x806.jpg 1200w, https:\/\/luisadelantadovlc.com\/wp-content\/uploads\/2023\/03\/08_ARCO_23-600x403.jpg 600w\" sizes=\"auto, (max-width: 1400px) 100vw, 1400px\" \/><figcaption id=\"caption-attachment-613\" class=\"wp-caption-text\">ARCO 2023. Luis Adelantado Valencia. Madrid, Spain. Photo: Oak Taylor Smith<\/figcaption><\/figure>\n<figure id=\"attachment_613\" aria-describedby=\"caption-attachment-613\" style=\"width: 1400px\" class=\"wp-caption alignnone\"><img loading=\"lazy\" decoding=\"async\" class=\"alignnone wp-image-13614 size-full\" src=\"https:\/\/2024.luisadelantadovlc.com\/wp-content\/uploads\/2023\/03\/09_ARCO_23.jpg\" alt=\"\" width=\"1400\" height=\"940\" srcset=\"https:\/\/luisadelantadovlc.com\/wp-content\/uploads\/2023\/03\/09_ARCO_23.jpg 1400w, https:\/\/luisadelantadovlc.com\/wp-content\/uploads\/2023\/03\/09_ARCO_23-580x389.jpg 580w, https:\/\/luisadelantadovlc.com\/wp-content\/uploads\/2023\/03\/09_ARCO_23-1024x688.jpg 1024w, https:\/\/luisadelantadovlc.com\/wp-content\/uploads\/2023\/03\/09_ARCO_23-768x516.jpg 768w, https:\/\/luisadelantadovlc.com\/wp-content\/uploads\/2023\/03\/09_ARCO_23-1200x806.jpg 1200w, https:\/\/luisadelantadovlc.com\/wp-content\/uploads\/2023\/03\/09_ARCO_23-600x403.jpg 600w\" sizes=\"auto, (max-width: 1400px) 100vw, 1400px\" \/><figcaption id=\"caption-attachment-613\" class=\"wp-caption-text\">ARCO 2023. Luis Adelantado Valencia. Madrid, Spain. Photo: Oak Taylor Smith<\/figcaption><\/figure>\n<figure id=\"attachment_613\" aria-describedby=\"caption-attachment-613\" style=\"width: 1400px\" class=\"wp-caption alignnone\"><img loading=\"lazy\" decoding=\"async\" class=\"alignnone wp-image-13615 size-full\" src=\"https:\/\/2024.luisadelantadovlc.com\/wp-content\/uploads\/2023\/03\/10_ARCO_23.jpg\" alt=\"\" width=\"1400\" height=\"940\" srcset=\"https:\/\/luisadelantadovlc.com\/wp-content\/uploads\/2023\/03\/10_ARCO_23.jpg 1400w, https:\/\/luisadelantadovlc.com\/wp-content\/uploads\/2023\/03\/10_ARCO_23-580x389.jpg 580w, https:\/\/luisadelantadovlc.com\/wp-content\/uploads\/2023\/03\/10_ARCO_23-1024x688.jpg 1024w, https:\/\/luisadelantadovlc.com\/wp-content\/uploads\/2023\/03\/10_ARCO_23-768x516.jpg 768w, https:\/\/luisadelantadovlc.com\/wp-content\/uploads\/2023\/03\/10_ARCO_23-1200x806.jpg 1200w, https:\/\/luisadelantadovlc.com\/wp-content\/uploads\/2023\/03\/10_ARCO_23-600x403.jpg 600w\" sizes=\"auto, (max-width: 1400px) 100vw, 1400px\" \/><figcaption id=\"caption-attachment-613\" class=\"wp-caption-text\">ARCO 2023. Luis Adelantado Valencia. Madrid, Spain. Photo: Oak Taylor Smith<\/figcaption><\/figure>\n<figure id=\"attachment_613\" aria-describedby=\"caption-attachment-613\" style=\"width: 1400px\" class=\"wp-caption alignnone\"><img loading=\"lazy\" decoding=\"async\" class=\"alignnone wp-image-13616 size-full\" src=\"https:\/\/2024.luisadelantadovlc.com\/wp-content\/uploads\/2023\/03\/11_ARCO_23.jpg\" alt=\"\" width=\"1400\" height=\"940\" srcset=\"https:\/\/luisadelantadovlc.com\/wp-content\/uploads\/2023\/03\/11_ARCO_23.jpg 1400w, https:\/\/luisadelantadovlc.com\/wp-content\/uploads\/2023\/03\/11_ARCO_23-580x389.jpg 580w, https:\/\/luisadelantadovlc.com\/wp-content\/uploads\/2023\/03\/11_ARCO_23-1024x688.jpg 1024w, https:\/\/luisadelantadovlc.com\/wp-content\/uploads\/2023\/03\/11_ARCO_23-768x516.jpg 768w, https:\/\/luisadelantadovlc.com\/wp-content\/uploads\/2023\/03\/11_ARCO_23-1200x806.jpg 1200w, https:\/\/luisadelantadovlc.com\/wp-content\/uploads\/2023\/03\/11_ARCO_23-600x403.jpg 600w\" sizes=\"auto, (max-width: 1400px) 100vw, 1400px\" \/><figcaption id=\"caption-attachment-613\" class=\"wp-caption-text\">ARCO 2023. Luis Adelantado Valencia. Madrid, Spain. Photo: Oak Taylor Smith<\/figcaption><\/figure>\n<figure id=\"attachment_613\" aria-describedby=\"caption-attachment-613\" style=\"width: 1400px\" class=\"wp-caption alignnone\"><img loading=\"lazy\" decoding=\"async\" class=\"alignnone wp-image-13608 size-full\" src=\"https:\/\/2024.luisadelantadovlc.com\/wp-content\/uploads\/2023\/03\/01_ARCO_23.jpg\" alt=\"\" width=\"1400\" height=\"959\" srcset=\"https:\/\/luisadelantadovlc.com\/wp-content\/uploads\/2023\/03\/01_ARCO_23.jpg 1400w, https:\/\/luisadelantadovlc.com\/wp-content\/uploads\/2023\/03\/01_ARCO_23-580x397.jpg 580w, https:\/\/luisadelantadovlc.com\/wp-content\/uploads\/2023\/03\/01_ARCO_23-1024x701.jpg 1024w, https:\/\/luisadelantadovlc.com\/wp-content\/uploads\/2023\/03\/01_ARCO_23-768x526.jpg 768w, https:\/\/luisadelantadovlc.com\/wp-content\/uploads\/2023\/03\/01_ARCO_23-1200x822.jpg 1200w, https:\/\/luisadelantadovlc.com\/wp-content\/uploads\/2023\/03\/01_ARCO_23-600x411.jpg 600w\" sizes=\"auto, (max-width: 1400px) 100vw, 1400px\" \/><figcaption id=\"caption-attachment-613\" class=\"wp-caption-text\">ARCO 2023. Luis Adelantado Valencia. Madrid, Spain. Photo: Oak Taylor Smith<\/figcaption><\/figure>\n<figure id=\"attachment_613\" aria-describedby=\"caption-attachment-613\" style=\"width: 1400px\" class=\"wp-caption alignnone\"><img loading=\"lazy\" decoding=\"async\" class=\"alignnone wp-image-13609 size-full\" src=\"https:\/\/2024.luisadelantadovlc.com\/wp-content\/uploads\/2023\/03\/02_ARCO_23.jpg\" alt=\"\" width=\"1400\" height=\"940\" srcset=\"https:\/\/luisadelantadovlc.com\/wp-content\/uploads\/2023\/03\/02_ARCO_23.jpg 1400w, https:\/\/luisadelantadovlc.com\/wp-content\/uploads\/2023\/03\/02_ARCO_23-580x389.jpg 580w, https:\/\/luisadelantadovlc.com\/wp-content\/uploads\/2023\/03\/02_ARCO_23-1024x688.jpg 1024w, https:\/\/luisadelantadovlc.com\/wp-content\/uploads\/2023\/03\/02_ARCO_23-768x516.jpg 768w, https:\/\/luisadelantadovlc.com\/wp-content\/uploads\/2023\/03\/02_ARCO_23-1200x806.jpg 1200w, https:\/\/luisadelantadovlc.com\/wp-content\/uploads\/2023\/03\/02_ARCO_23-600x403.jpg 600w\" sizes=\"auto, (max-width: 1400px) 100vw, 1400px\" \/><figcaption id=\"caption-attachment-613\" class=\"wp-caption-text\">ARCO 2023. Luis Adelantado Valencia. Madrid, Spain. Photo: Oak Taylor Smith<\/figcaption><\/figure>\n<p><br \/>\n[\/av_textblock]<\/p>\n","protected":false},"featured_media":14168,"template":"","categories":[331],"class_list":["post-13620","la-ferias","type-la-ferias","status-publish","has-post-thumbnail","hentry","category-news"],"_links":{"self":[{"href":"https:\/\/luisadelantadovlc.com\/en\/wp-json\/wp\/v2\/la-ferias\/13620","targetHints":{"allow":["GET"]}}],"collection":[{"href":"https:\/\/luisadelantadovlc.com\/en\/wp-json\/wp\/v2\/la-ferias"}],"about":[{"href":"https:\/\/luisadelantadovlc.com\/en\/wp-json\/wp\/v2\/types\/la-ferias"}],"version-history":[{"count":1,"href":"https:\/\/luisadelantadovlc.com\/en\/wp-json\/wp\/v2\/la-ferias\/13620\/revisions"}],"predecessor-version":[{"id":29981,"href":"https:\/\/luisadelantadovlc.com\/en\/wp-json\/wp\/v2\/la-ferias\/13620\/revisions\/29981"}],"wp:featuredmedia":[{"embeddable":true,"href":"https:\/\/luisadelantadovlc.com\/en\/wp-json\/wp\/v2\/media\/14168"}],"wp:attachment":[{"href":"https:\/\/luisadelantadovlc.com\/en\/wp-json\/wp\/v2\/media?parent=13620"}],"wp:term":[{"taxonomy":"category","embeddable":true,"href":"https:\/\/luisadelantadovlc.com\/en\/wp-json\/wp\/v2\/categories?post=13620"}],"curies":[{"name":"wp","href":"https:\/\/api.w.org\/{rel}","templated":true}]}}